{"id":4738,"date":"2020-06-11T22:38:13","date_gmt":"2020-06-11T22:38:13","guid":{"rendered":"https:\/\/cumbrespreschool.viawebrc.com\/?page_id=4738"},"modified":"2021-08-24T23:45:05","modified_gmt":"2021-08-24T23:45:05","slug":"programa-academico","status":"publish","type":"page","link":"https:\/\/www.cumbresbogota.edu.co\/preescolar\/programa-academico\/","title":{"rendered":"Programa acad\u00e9mico"},"content":{"rendered":"<p>[vc_row disable_background_image=\u00bb\u00bb css=\u00bb.vc_custom_1591968585419{padding-top: 61px !important;padding-bottom: 111px !important;background-position: center !important;background-repeat: no-repeat !important;background-size: cover !important;}\u00bb simple_background_image=\u00bb707&#8243;][vc_column css_animation=\u00bbnone\u00bb]<div class=\"eltdf-elements-holder   eltdf-one-column  eltdf-responsive-mode-768 \" ><div class=\"eltdf-eh-item    eltdf-element-from-bottom\"  data-item-class=\"eltdf-eh-custom-3095\" data-animation=\"eltdf-element-from-bottom\" data-animation-delay=\"10\">\n\t<div class=\"eltdf-eh-item-inner\">\n\t\t<div class=\"eltdf-eh-item-content eltdf-eh-custom-3095\" >\n\t\t\t<div class=\"eltdf-section-title-holder  \" style=\"padding: 0 10%;text-align: center\">\n\t<div class=\"eltdf-st-inner\">\n\t\t\t\t\t\t\t<span class=\"eltdf-st-tagline\" style=\"color: #4bb7e5\">\n\t\t\t\tDESARROLLO DE COMPETENCIAS\t\t\t<\/span>\n\t\t\t\t\t\t\t<h2 class=\"eltdf-st-title\" >\n\t\t\t\tPrograma Acad\u00e9mico\t\t\t<\/h2>\n\t\t\t\t\t\t\t<span class=\"eltdf-st-text\" >\n\t\t\t\tNuestro modelo se centra en el aprendizaje del alumno y est\u00e1 basado en el desarrollo continuo de competencias.\nUna de nuestras ventajas es la continuidad educativa al salir de preescolar. En la Red de Colegios del Regnum Christi tenemos el mismo modelo pedag\u00f3gico basado en el desarrollo de competencias, ayudando a los alumnos a continuar su desarrollo personal desde preescolar hasta bachillerato.\t\t\t<\/span>\n\t\t\t<\/div>\n<\/div>[vc_column_text]<\/p>\n<div class=\"eltdf-section-title-holder \" style=\"padding: 0 10%; text-align: center;\">\n<div class=\"eltdf-st-inner\"><span class=\"eltdf-st-text\"><br \/>\nEn Cumbres Preschool favorecemos el aprendizaje activo y significativo, el desarrollo de competencias para la vida, el pensamiento cr\u00edtico y la soluci\u00f3n de problemas. El ni\u00f1o es el protagonista de su proceso de aprendizaje respetando sus ritmos, procesos, habilidades y talentos; el profesor es un gu\u00eda que acompa\u00f1a al ni\u00f1o para ayudarle a potenciar sus capacidades. Por medio de la aplicaci\u00f3n de metodolog\u00edas activas preparamos a nuestros ni\u00f1os para enfrentarse a retos, a proponer soluciones y a transformar su entorno. En Cumbres Preschool podemos garantizar la continuidad en el desarrollo personal y formaci\u00f3n escolar, al graduarse y pasar al Colegio Cumbres Bogot\u00e1.<\/span><\/div>\n<\/div>\n<p>[\/vc_column_text]\t\t<\/div>\n\t<\/div>\n<\/div><\/div>[\/vc_column][\/vc_row][vc_row content_placement=\u00bbmiddle\u00bb parallax_background_image=\u00bb1584&#8243; css=\u00bb.vc_custom_1591976533412{padding-right: 40px !important;padding-left: 40px !important;}\u00bb][vc_column width=\u00bb1\/3&#8243;][vc_empty_space][vc_single_image image=\u00bb5178&#8243; img_size=\u00bbfull\u00bb alignment=\u00bbcenter\u00bb style=\u00bbvc_box_circle_2&#8243; css_animation=\u00bbfadeInUp\u00bb][vc_empty_space][\/vc_column][vc_column width=\u00bb2\/3&#8243; css=\u00bb.vc_custom_1591976627432{padding-left: 30px !important;}\u00bb][vc_empty_space]<div class=\"eltdf-section-title-holder  \" >\n\t<div class=\"eltdf-st-inner\">\n\t\t\t\t\t\t\t\t\t<h3 class=\"eltdf-st-title\" >\n\t\t\t\tQu\u00e9 aprenden los ni\u00f1os en cada curso\t\t\t<\/h3>\n\t\t\t\t\t<\/div>\n<\/div>[vc_empty_space]<div class=\"eltdf-tabs  eltdf-tabs-standard\">\n\t<ul class=\"eltdf-tabs-nav clearfix\">\n\t\t\t\t\t<li>\n\t\t\t\t\t\t\t\t\t<a href=\"#tab-kinder-1-y-kinder-2\">K\u00ednder 1 y K\u00ednder 2<\/a>\n\t\t\t\t\t\t\t<\/li>\n\t\t\t\t\t<li>\n\t\t\t\t\t\t\t\t\t<a href=\"#tab-kinder-3-kinder-4-y-kinder-5\">Kinder 3, Kinder 4 y Kinder 5<\/a>\n\t\t\t\t\t\t\t<\/li>\n\t\t\t<\/ul>\n\t<div class=\"eltdf-tab-container\" id=\"tab-kinder-1-y-kinder-2-364\">[vc_column_text]<\/p>\n<ul>\n<li>Descubre que Dios es su amigo.<\/li>\n<li>Se descubre a s\u00ed mismo y a su entorno.<\/li>\n<li>Se expresa a trav\u00e9s del juego.<\/li>\n<li>Comienza a entender la importancia de tener un coraz\u00f3n bueno. (Programa COBU)<\/li>\n<li>Socializa y convive con los dem\u00e1s, empezando a descubrir sus emociones.<\/li>\n<li>Desarrolla habilidades sensoriales y psicomotrices.<\/li>\n<li>Adquiere h\u00e1bitos y rutinas.<\/li>\n<li>Estimula su lenguaje.<\/li>\n<li>Inicia el contacto con la lectura y con el ingl\u00e9s como segunda lengua.<\/li>\n<\/ul>\n<p>[\/vc_column_text][vc_empty_space][vc_empty_space]<\/div><div class=\"eltdf-tab-container\" id=\"tab-kinder-3-kinder-4-y-kinder-5-671\">[vc_column_text]<\/p>\n<ul>\n<li>Descubre que Dios es su amigo.<\/li>\n<li>Consolida habilidades ling\u00fc\u00edsticas.<\/li>\n<li>Inicia el proceso de lecto-escritura en dos idiomas.<\/li>\n<li>Aprende, mediante el juego, actividades de observaci\u00f3n y experimentaci\u00f3n.<\/li>\n<li>Comienza a integrar la tecnolog\u00eda como herramienta para su aprendizaje.<\/li>\n<li>Cuenta con mayores habilidades sociales.<\/li>\n<li>Se respeta a s\u00ed mismo y a los dem\u00e1s, manejando sus emociones.<\/li>\n<li>Sigue interiorizando la importancia de tener un coraz\u00f3n bueno. (Programa COBU)<\/li>\n<li>Aprende de forma natural y cotidiana el ingl\u00e9s como segunda lengua.<\/li>\n<\/ul>\n<p>[\/vc_column_text][vc_empty_space][vc_empty_space]<\/div><\/div>[\/vc_column][\/vc_row][vc_row content_text_aligment=\u00bbcenter\u00bb][vc_column width=\u00bb1\/6&#8243;][\/vc_column][vc_column width=\u00bb2\/3&#8243;][vc_empty_space][vc_empty_space]<div class=\"eltdf-section-title-holder  \" >\n\t<div class=\"eltdf-st-inner\">\n\t\t\t\t\t\t\t\t\t<h3 class=\"eltdf-st-title\" >\n\t\t\t\tLogros del ni\u00f1o que se grad\u00faa de Cumbres Preeschool\t\t\t<\/h3>\n\t\t\t\t\t<\/div>\n<\/div>[vc_empty_space][vc_single_image image=\u00bb4985&#8243; img_size=\u00bbfull\u00bb alignment=\u00bbcenter\u00bb style=\u00bbvc_box_rounded\u00bb onclick=\u00bblink_image\u00bb css_animation=\u00bbfadeInUp\u00bb][vc_empty_space][vc_empty_space]<a itemprop=\"url\" href=\"https:\/\/www.cumbresbogota.edu.co\/preescolar\/instalaciones\/\" target=\"_self\" style=\"background-color: #4bb7e5\" class=\"eltdf-btn eltdf-btn-large eltdf-btn-solid eltdf-btn-default eltdf-hover-animation\"  >\n    <span class=\"eltdf-btn-text\">CONOCE NUESTRAS INSTALACIONES<\/span>\n                <span class=\"eltdf-btn-hover-item\"><\/span>\n    <\/a>[vc_empty_space][vc_empty_space][\/vc_column][vc_column width=\u00bb1\/6&#8243;][\/vc_column][\/vc_row][vc_row gap=\u00bb20&#8243; css=\u00bb.vc_custom_1592339949029{padding-top: 0px !important;}\u00bb el_class=\u00bbastronaut\u00bb][vc_column][vc_empty_space][vc_empty_space]<div class=\"eltdf-section-title-holder  \" style=\"text-align: center\">\n\t<div class=\"eltdf-st-inner\">\n\t\t\t\t\t\t\t<span class=\"eltdf-st-tagline\" style=\"color: #4bb7e5\">\n\t\t\t\tDESARROLLAR HABILIDADES\t\t\t<\/span>\n\t\t\t\t\t\t\t<h2 class=\"eltdf-st-title\" >\n\t\t\t\tClases y espacios complementarios\t\t\t<\/h2>\n\t\t\t\t\t<\/div>\n<\/div>[vc_empty_space][vc_row_inner equal_height=\u00bbyes\u00bb gap=\u00bb20&#8243; css=\u00bb.vc_custom_1591970379798{padding-right: 30px !important;padding-left: 30px !important;}\u00bb][vc_column_inner width=\u00bb1\/3&#8243; css=\u00bb.vc_custom_1591918616959{background-color: #ea4e1b !important;}\u00bb][vc_single_image image=\u00bb5182&#8243; img_size=\u00bbfull\u00bb alignment=\u00bbcenter\u00bb style=\u00bbvc_box_rounded\u00bb][vc_empty_space height=\u00bb20px\u00bb]<div class=\"eltdf-section-title-holder  \" >\n\t<div class=\"eltdf-st-inner\">\n\t\t\t\t\t\t\t\t\t<h3 class=\"eltdf-st-title\" style=\"color: #ffffff\">\n\t\t\t\tPsicomotricidad\t\t\t<\/h3>\n\t\t\t\t\t<\/div>\n<\/div>[vc_empty_space height=\u00bb20px\u00bb][vc_column_text]<\/p>\n<p style=\"color: #fff;\">Estas clases est\u00e1n dise\u00f1adas con actividades especiales que favorecen y fortalecen capacidades motrices y cognitivas de los ni\u00f1os. Esto no solo les permite coordinar su cuerpo, sino que ser\u00e1 la base para tener un \u00f3ptimo aprendizaje y desarrollo a lo largo de su vida escolar.<\/p>\n<p>[\/vc_column_text][vc_empty_space][\/vc_column_inner][vc_column_inner width=\u00bb1\/3&#8243; css=\u00bb.vc_custom_1591970167991{background-color: #fecf07 !important;}\u00bb][vc_single_image image=\u00bb4833&#8243; img_size=\u00bbfull\u00bb alignment=\u00bbcenter\u00bb style=\u00bbvc_box_rounded\u00bb][vc_empty_space height=\u00bb20px\u00bb]<div class=\"eltdf-section-title-holder  \" >\n\t<div class=\"eltdf-st-inner\">\n\t\t\t\t\t\t\t\t\t<h3 class=\"eltdf-st-title\" style=\"color: #ffffff\">\n\t\t\t\tExpresi\u00f3n corporal\t\t\t<\/h3>\n\t\t\t\t\t<\/div>\n<\/div>[vc_empty_space height=\u00bb20px\u00bb][vc_column_text]<\/p>\n<p style=\"color: #fff;\">Esta clase enriquece las posibilidades comunicativas de los ni\u00f1os, contribuyendo al dominio del espacio y al conocimiento de su propio cuerpo, como medio para expresarse. En este espacio se abordan diferentes \u00e1mbitos que son parte del desarrollo de los ni\u00f1os, como el social, cognitivo, ling\u00fc\u00edstico, las habilidades motoras y el \u00e1rea socio-afectiva.<\/p>\n<p>[\/vc_column_text][vc_empty_space][\/vc_column_inner][vc_column_inner width=\u00bb1\/3&#8243; css=\u00bb.vc_custom_1591968391365{background-color: #8a58a1 !important;}\u00bb][vc_single_image image=\u00bb4835&#8243; img_size=\u00bbfull\u00bb alignment=\u00bbcenter\u00bb style=\u00bbvc_box_rounded\u00bb][vc_empty_space height=\u00bb20px\u00bb]<div class=\"eltdf-section-title-holder  \" >\n\t<div class=\"eltdf-st-inner\">\n\t\t\t\t\t\t\t\t\t<h3 class=\"eltdf-st-title\" style=\"color: #ffffff\">\n\t\t\t\tHuerta\t\t\t<\/h3>\n\t\t\t\t\t<\/div>\n<\/div>[vc_empty_space height=\u00bb20px\u00bb][vc_column_text]<\/p>\n<p style=\"color: #fff;\">A trav\u00e9s de este espacio buscamos que los ni\u00f1os conozcan la naturaleza, protejan el medio ambiente por medio del uso adecuado de sus recursos y comprendan la importancia de una alimentaci\u00f3n saludable.<br \/>\nDe forma divertida los ni\u00f1os tambi\u00e9n aprenden a adquirir responsabilidades y fortalecen su autoestima cuando logran el fruto de su esfuerzo y dedicaci\u00f3n.<\/p>\n<p>[\/vc_column_text][vc_empty_space][\/vc_column_inner][\/vc_row_inner][vc_row_inner css=\u00bb.vc_custom_1591976791203{margin-top: 15px !important;margin-right: 16px !important;margin-left: 16px !important;padding-right: 20px !important;padding-left: 20px !important;background-color: #94c11e !important;}\u00bb][vc_column_inner width=\u00bb1\/3&#8243;][vc_single_image image=\u00bb5181&#8243; img_size=\u00bbfull\u00bb alignment=\u00bbcenter\u00bb style=\u00bbvc_box_rounded\u00bb][vc_empty_space height=\u00bb20px\u00bb][\/vc_column_inner][vc_column_inner width=\u00bb2\/3&#8243;]<div class=\"eltdf-section-title-holder  \" >\n\t<div class=\"eltdf-st-inner\">\n\t\t\t\t\t\t\t\t\t<h3 class=\"eltdf-st-title\" style=\"color: #ffffff\">\n\t\t\t\tMakerspace\t\t\t<\/h3>\n\t\t\t\t\t<\/div>\n<\/div>[vc_empty_space height=\u00bb20px\u00bb][vc_column_text]<\/p>\n<p style=\"color: #fff;\">Este espacio se basa en el trabajo con metodolog\u00edas activas y de caracter pr\u00e1ctico que empoderan a los ni\u00f1os. Aprenden haciendo.<\/p>\n<ul>\n<li style=\"color: #fff;\">Los ni\u00f1os en este espacio descubren que al equivocarse, se puede aprender del error<\/li>\n<li style=\"color: #fff;\">Se fortalece el aprendizaje cooperativo permitiendo, en las diferentes actividades, desempe\u00f1ar roles distintos de acuerdo con las habilidades de cada estudiante, facilitando la inclusi\u00f3n de todos los ni\u00f1os.<\/li>\n<li style=\"color: #fff;\">Se fomenta la creatividad y la soluci\u00f3n de problemas.<\/li>\n<li style=\"color: #fff;\">Se fortalece la autonom\u00eda de los ni\u00f1os.<\/li>\n<li style=\"color: #fff;\">Se desarrollan habilidades del siglo XXI por medio del uso de las cuatro C\u2019s: Curiosidad, creatividad, competencias y cooperaci\u00f3n.<\/li>\n<\/ul>\n<p>[\/vc_column_text][vc_empty_space][\/vc_column_inner][\/vc_row_inner][\/vc_column][\/vc_row][vc_row][vc_column][vc_empty_space height=\u00bb50px\u00bb][\/vc_column][\/vc_row]<\/p>\n","protected":false},"excerpt":{"rendered":"<p>[vc_row disable_background_image=\u00bb\u00bb css=\u00bb.vc_custom_1591968585419{padding-top: 61px !important;padding-bottom: 111px !important;background-position: center !important;background-repeat: no-repeat !important;background-size: cover !important;}\u00bb simple_background_image=\u00bb707&#8243;][vc_column css_animation=\u00bbnone\u00bb][\/vc_column][\/vc_row][vc_row content_placement=\u00bbmiddle\u00bb parallax_background_image=\u00bb1584&#8243; css=\u00bb.vc_custom_1591976533412{padding-right: 40px !important;padding-left: 40px !important;}\u00bb][vc_column width=\u00bb1\/3&#8243;][vc_empty_space][vc_single_image image=\u00bb5178&#8243; img_size=\u00bbfull\u00bb alignment=\u00bbcenter\u00bb style=\u00bbvc_box_circle_2&#8243; css_animation=\u00bbfadeInUp\u00bb][vc_empty_space][\/vc_column][vc_column width=\u00bb2\/3&#8243; css=\u00bb.vc_custom_1591976627432{padding-left: 30px !important;}\u00bb][vc_empty_space][vc_empty_space][\/vc_column][\/vc_row][vc_row content_text_aligment=\u00bbcenter\u00bb][vc_column width=\u00bb1\/6&#8243;][\/vc_column][vc_column width=\u00bb2\/3&#8243;][vc_empty_space][vc_empty_space][vc_empty_space][vc_single_image image=\u00bb4985&#8243; img_size=\u00bbfull\u00bb alignment=\u00bbcenter\u00bb style=\u00bbvc_box_rounded\u00bb onclick=\u00bblink_image\u00bb [&hellip;]<\/p>\n","protected":false},"author":1,"featured_media":0,"parent":0,"menu_order":0,"comment_status":"closed","ping_status":"closed","template":"full-width.php","meta":{"inline_featured_image":false},"yoast_head":"<!-- This site is optimized with the Yoast SEO plugin v20.2 - https:\/\/yoast.com\/wordpress\/plugins\/seo\/ -->\n<title>Programa acad\u00e9mico - Cumbres Preschool Bogot\u00e1<\/title>\n<meta name=\"description\" content=\"Nuestro modelo se centra en el aprendizaje del alumno y desarrollo continuo de competencias. Descubre que aprenden nuestros ni\u00f1os en cada curso.\" \/>\n<meta name=\"robots\" content=\"index, follow, max-snippet:-1, max-image-preview:large, max-video-preview:-1\" \/>\n<link rel=\"canonical\" href=\"https:\/\/www.cumbresbogota.edu.co\/preescolar\/programa-academico\/\" \/>\n<meta property=\"og:locale\" content=\"es_ES\" \/>\n<meta property=\"og:type\" content=\"article\" \/>\n<meta property=\"og:title\" content=\"Programa acad\u00e9mico - Cumbres Preschool Bogot\u00e1\" \/>\n<meta property=\"og:description\" content=\"Nuestro modelo se centra en el aprendizaje del alumno y desarrollo continuo de competencias. Descubre que aprenden nuestros ni\u00f1os en cada curso.\" \/>\n<meta property=\"og:url\" content=\"https:\/\/www.cumbresbogota.edu.co\/preescolar\/programa-academico\/\" \/>\n<meta property=\"og:site_name\" content=\"Cumbres Preschool Bogot\u00e1\" \/>\n<meta property=\"article:publisher\" content=\"https:\/\/www.facebook.com\/CumbresPreschool\/\" \/>\n<meta property=\"article:modified_time\" content=\"2021-08-24T23:45:05+00:00\" \/>\n<meta property=\"og:image\" content=\"https:\/\/www.cumbresbogota.edu.co\/preescolar\/wp-content\/uploads\/2020\/06\/quienes.jpg\" \/>\n\t<meta property=\"og:image:width\" content=\"1200\" \/>\n\t<meta property=\"og:image:height\" content=\"795\" \/>\n\t<meta property=\"og:image:type\" content=\"image\/jpeg\" \/>\n<meta name=\"twitter:card\" content=\"summary_large_image\" \/>\n<meta name=\"twitter:label1\" content=\"Tiempo de lectura\" \/>\n\t<meta name=\"twitter:data1\" content=\"4 minutos\" \/>\n<script type=\"application\/ld+json\" class=\"yoast-schema-graph\">{\"@context\":\"https:\/\/schema.org\",\"@graph\":[{\"@type\":\"WebPage\",\"@id\":\"https:\/\/www.cumbresbogota.edu.co\/preescolar\/programa-academico\/\",\"url\":\"https:\/\/www.cumbresbogota.edu.co\/preescolar\/programa-academico\/\",\"name\":\"Programa acad\u00e9mico - Cumbres Preschool Bogot\u00e1\",\"isPartOf\":{\"@id\":\"https:\/\/www.cumbresbogota.edu.co\/preescolar\/#website\"},\"datePublished\":\"2020-06-11T22:38:13+00:00\",\"dateModified\":\"2021-08-24T23:45:05+00:00\",\"description\":\"Nuestro modelo se centra en el aprendizaje del alumno y desarrollo continuo de competencias. Descubre que aprenden nuestros ni\u00f1os en cada curso.\",\"breadcrumb\":{\"@id\":\"https:\/\/www.cumbresbogota.edu.co\/preescolar\/programa-academico\/#breadcrumb\"},\"inLanguage\":\"es\",\"potentialAction\":[{\"@type\":\"ReadAction\",\"target\":[\"https:\/\/www.cumbresbogota.edu.co\/preescolar\/programa-academico\/\"]}]},{\"@type\":\"BreadcrumbList\",\"@id\":\"https:\/\/www.cumbresbogota.edu.co\/preescolar\/programa-academico\/#breadcrumb\",\"itemListElement\":[{\"@type\":\"ListItem\",\"position\":1,\"name\":\"Home\",\"item\":\"https:\/\/www.cumbresbogota.edu.co\/preescolar\/\"},{\"@type\":\"ListItem\",\"position\":2,\"name\":\"Programa acad\u00e9mico\"}]},{\"@type\":\"WebSite\",\"@id\":\"https:\/\/www.cumbresbogota.edu.co\/preescolar\/#website\",\"url\":\"https:\/\/www.cumbresbogota.edu.co\/preescolar\/\",\"name\":\"Cumbres Preschool Bogot\u00e1\",\"description\":\"Descubriendo su mundo\",\"publisher\":{\"@id\":\"https:\/\/www.cumbresbogota.edu.co\/preescolar\/#organization\"},\"potentialAction\":[{\"@type\":\"SearchAction\",\"target\":{\"@type\":\"EntryPoint\",\"urlTemplate\":\"https:\/\/www.cumbresbogota.edu.co\/preescolar\/?s={search_term_string}\"},\"query-input\":\"required name=search_term_string\"}],\"inLanguage\":\"es\"},{\"@type\":\"Organization\",\"@id\":\"https:\/\/www.cumbresbogota.edu.co\/preescolar\/#organization\",\"name\":\"Cumbres Preschool Bogot\u00e1\",\"url\":\"https:\/\/www.cumbresbogota.edu.co\/preescolar\/\",\"logo\":{\"@type\":\"ImageObject\",\"inLanguage\":\"es\",\"@id\":\"https:\/\/www.cumbresbogota.edu.co\/preescolar\/#\/schema\/logo\/image\/\",\"url\":\"\",\"contentUrl\":\"\",\"caption\":\"Cumbres Preschool Bogot\u00e1\"},\"image\":{\"@id\":\"https:\/\/www.cumbresbogota.edu.co\/preescolar\/#\/schema\/logo\/image\/\"},\"sameAs\":[\"https:\/\/www.facebook.com\/CumbresPreschool\/\",\"https:\/\/www.instagram.com\/cumbrespreschool\/\",\"https:\/\/www.youtube.com\/channel\/UCoDAk6RUyJviQwp3G34MfgQ\"]}]}<\/script>\n<!-- \/ Yoast SEO plugin. -->","yoast_head_json":{"title":"Programa acad\u00e9mico - Cumbres Preschool Bogot\u00e1","description":"Nuestro modelo se centra en el aprendizaje del alumno y desarrollo continuo de competencias. Descubre que aprenden nuestros ni\u00f1os en cada curso.","robots":{"index":"index","follow":"follow","max-snippet":"max-snippet:-1","max-image-preview":"max-image-preview:large","max-video-preview":"max-video-preview:-1"},"canonical":"https:\/\/www.cumbresbogota.edu.co\/preescolar\/programa-academico\/","og_locale":"es_ES","og_type":"article","og_title":"Programa acad\u00e9mico - Cumbres Preschool Bogot\u00e1","og_description":"Nuestro modelo se centra en el aprendizaje del alumno y desarrollo continuo de competencias. Descubre que aprenden nuestros ni\u00f1os en cada curso.","og_url":"https:\/\/www.cumbresbogota.edu.co\/preescolar\/programa-academico\/","og_site_name":"Cumbres Preschool Bogot\u00e1","article_publisher":"https:\/\/www.facebook.com\/CumbresPreschool\/","article_modified_time":"2021-08-24T23:45:05+00:00","og_image":[{"width":1200,"height":795,"url":"https:\/\/www.cumbresbogota.edu.co\/preescolar\/wp-content\/uploads\/2020\/06\/quienes.jpg","type":"image\/jpeg"}],"twitter_card":"summary_large_image","twitter_misc":{"Tiempo de lectura":"4 minutos"},"schema":{"@context":"https:\/\/schema.org","@graph":[{"@type":"WebPage","@id":"https:\/\/www.cumbresbogota.edu.co\/preescolar\/programa-academico\/","url":"https:\/\/www.cumbresbogota.edu.co\/preescolar\/programa-academico\/","name":"Programa acad\u00e9mico - Cumbres Preschool Bogot\u00e1","isPartOf":{"@id":"https:\/\/www.cumbresbogota.edu.co\/preescolar\/#website"},"datePublished":"2020-06-11T22:38:13+00:00","dateModified":"2021-08-24T23:45:05+00:00","description":"Nuestro modelo se centra en el aprendizaje del alumno y desarrollo continuo de competencias. Descubre que aprenden nuestros ni\u00f1os en cada curso.","breadcrumb":{"@id":"https:\/\/www.cumbresbogota.edu.co\/preescolar\/programa-academico\/#breadcrumb"},"inLanguage":"es","potentialAction":[{"@type":"ReadAction","target":["https:\/\/www.cumbresbogota.edu.co\/preescolar\/programa-academico\/"]}]},{"@type":"BreadcrumbList","@id":"https:\/\/www.cumbresbogota.edu.co\/preescolar\/programa-academico\/#breadcrumb","itemListElement":[{"@type":"ListItem","position":1,"name":"Home","item":"https:\/\/www.cumbresbogota.edu.co\/preescolar\/"},{"@type":"ListItem","position":2,"name":"Programa acad\u00e9mico"}]},{"@type":"WebSite","@id":"https:\/\/www.cumbresbogota.edu.co\/preescolar\/#website","url":"https:\/\/www.cumbresbogota.edu.co\/preescolar\/","name":"Cumbres Preschool Bogot\u00e1","description":"Descubriendo su mundo","publisher":{"@id":"https:\/\/www.cumbresbogota.edu.co\/preescolar\/#organization"},"potentialAction":[{"@type":"SearchAction","target":{"@type":"EntryPoint","urlTemplate":"https:\/\/www.cumbresbogota.edu.co\/preescolar\/?s={search_term_string}"},"query-input":"required name=search_term_string"}],"inLanguage":"es"},{"@type":"Organization","@id":"https:\/\/www.cumbresbogota.edu.co\/preescolar\/#organization","name":"Cumbres Preschool Bogot\u00e1","url":"https:\/\/www.cumbresbogota.edu.co\/preescolar\/","logo":{"@type":"ImageObject","inLanguage":"es","@id":"https:\/\/www.cumbresbogota.edu.co\/preescolar\/#\/schema\/logo\/image\/","url":"","contentUrl":"","caption":"Cumbres Preschool Bogot\u00e1"},"image":{"@id":"https:\/\/www.cumbresbogota.edu.co\/preescolar\/#\/schema\/logo\/image\/"},"sameAs":["https:\/\/www.facebook.com\/CumbresPreschool\/","https:\/\/www.instagram.com\/cumbrespreschool\/","https:\/\/www.youtube.com\/channel\/UCoDAk6RUyJviQwp3G34MfgQ"]}]}},"_links":{"self":[{"href":"https:\/\/www.cumbresbogota.edu.co\/preescolar\/wp-json\/wp\/v2\/pages\/4738"}],"collection":[{"href":"https:\/\/www.cumbresbogota.edu.co\/preescolar\/wp-json\/wp\/v2\/pages"}],"about":[{"href":"https:\/\/www.cumbresbogota.edu.co\/preescolar\/wp-json\/wp\/v2\/types\/page"}],"author":[{"embeddable":true,"href":"https:\/\/www.cumbresbogota.edu.co\/preescolar\/wp-json\/wp\/v2\/users\/1"}],"replies":[{"embeddable":true,"href":"https:\/\/www.cumbresbogota.edu.co\/preescolar\/wp-json\/wp\/v2\/comments?post=4738"}],"version-history":[{"count":28,"href":"https:\/\/www.cumbresbogota.edu.co\/preescolar\/wp-json\/wp\/v2\/pages\/4738\/revisions"}],"predecessor-version":[{"id":5289,"href":"https:\/\/www.cumbresbogota.edu.co\/preescolar\/wp-json\/wp\/v2\/pages\/4738\/revisions\/5289"}],"wp:attachment":[{"href":"https:\/\/www.cumbresbogota.edu.co\/preescolar\/wp-json\/wp\/v2\/media?parent=4738"}],"curies":[{"name":"wp","href":"https:\/\/api.w.org\/{rel}","templated":true}]}}